{"id":3474,"date":"2023-12-04T14:58:08","date_gmt":"2023-12-04T14:58:08","guid":{"rendered":"https:\/\/waaghaus.eu\/events\/ws-chi-ce-ce-meets-idm-film-jour-fixe\/"},"modified":"2023-12-04T15:31:12","modified_gmt":"2023-12-04T15:31:12","slug":"ws-chi-ce-ce-meets-idm-film-jour-fixe","status":"publish","type":"events","link":"https:\/\/waaghaus.eu\/de\/events\/ws-chi-ce-ce-meets-idm-film-jour-fixe\/","title":{"rendered":"WS CHI C\u2019\u00c9 C\u2019\u00c9! meets IDM FILM JOUR FIXE"},"content":{"rendered":"<p>In Kooperation mit der Veranstaltung CHI C\u2019\u00c9 C\u2018\u00c8! von Weigh Station und der Teilnahme der PERFAS S\u00fcdtirol findet der letzte IDM Film Jour Fixe des Jahres statt.<br \/>\nUrheberrecht ist der Themenschwerpunkt des Abends: Wie kann man sich sch\u00fctzen? Welche sind bew\u00e4hrte Praktiken, die im audiovisuellen Sektor anzuwenden sind?<br \/>\nGast des Abends ist Andrea Marco Ricci, Fachanwalt f\u00fcr Urheber- und Unterhaltungsrecht sowie Mitglied des Beirats von Nuovo IMAIE, einer von K\u00fcnstler\/-innen gegr\u00fcndeten Organisation, die sich f\u00fcr den Schutz der Rechte im Zusammenhang mit der Vermarktung von audiovisuellen und musikalischen Werken einsetzt, die \u00fcber Radio, Fernsehen, Internet und \u00f6ffentliche Einrichtungen ausgestrahlt werden. Durch das Gespr\u00e4ch f\u00fchrt Thomas Ober Maniacco, Musiker und Gesch\u00e4ftsf\u00fchrer von PERFAS-Performing Artists South Tyrol.<br \/>\nDas Gespr\u00e4ch ist f\u00fcr alle interessierten K\u00fcnstler\/-innen, Musiker\/-innen, Produzent\/-innen und Filmemacher\/-innen offen.<br \/>\nIm Anschluss an die Veranstaltung k\u00f6nnen die G\u00e4ste das Gespr\u00e4ch bei einem Aperitif fortsetzen \u2013 eine gute Gelegenheit, um vor den Weihnachtsferien noch einmal gemeinsam anzusto\u00dfen!<\/p>\n<p>ANDREA MARCO RICCI \u2013 BIO<br \/>\nEr schloss sein Studium der Rechtswissenschaften an der Alma Mater Studiorum der Universit\u00e4t Bologna mit Auszeichnung ab. Er ist Autor und Herausgeber zahlreicher wissenschaftlicher und popul\u00e4rer Beitr\u00e4ge zu den Themen geistiges Eigentum, Digital Rights Management und Recht der neuen Technologien und hat zu diesen Themen als Referent und Dozent an Konferenzen, Graduierten- und Postgraduiertenprogrammen teilgenommen.<br \/>\nAls Rechtsanwalt \u00fcbt er eine intensive Lehr- und Beratungst\u00e4tigkeit im Bereich des Urheber- und Unterhaltungsrechts aus und hat mit mehreren Rechts- und Musikzeitschriften zusammengearbeitet. Er war Mitglied des Ausschusses f\u00fcr die Revision des SIAE-Statuts und -Reglements (2007-2011) und des Beratenden Ausschusses f\u00fcr die Unterst\u00fctzung und Kontrolle des neuen IMAIE (2011-2013), dessen Gr\u00fcndung er mitgetragen hat und dem er seit 2013 als Vorstandsmitglied angeh\u00f6rt.<\/p>\n<p>THOMAS OBER MANIACCO \u2013 BIO<br \/>\nEr arbeitet seit 2013 als Musiker, ist professioneller Trompeter, S\u00e4nger, Songwriter und Arrangeur\/Produzent.<br \/>\nSeit 2013 ist er in der Pop-Folk-Band \u201cColor Colectif\u201d aktiv, seit 2014 ist er Mitglied der Big Band \u201cShanti Powa\u201d und seit 2022 verfolgt er ein Soloprojekt mit Schwerpunkt Dub\/Soundsystem-Musik: \u201cAthomos\u201d. Seit Mai 2022 ist er verantwortlich f\u00fcr die SIAE\/INPS-Informationsstelle (ex-ENPALS) innerhalb des S\u00fcdtiroler Bildungszentrums in Bozen (Fachbereich Urheberrecht) und seit Februar 2023 ist er Generaldirektor von PERFAS.<\/p>\n<p>Wann: Mittwoch, 13. Dezember 2023, 18:30Uhr<br \/>\nWo: Waaghaus Bozen, Waag+2<br \/>\nSprache: Italienisch mit Moderation in Italienisch und Deutsch<br \/>\nEintritt: frei, keine Anmeldung erforderlich<\/p>\n<p>In collaboration with IDM Film Fund &amp; Commission + Perfas<\/p>\n","protected":false},"excerpt":{"rendered":"<p>In Kooperation mit der Veranstaltung CHI C\u2019\u00c9 C\u2018\u00c8! von Weigh Station und der Teilnahme der PERFAS S\u00fcdtirol findet der letzte IDM Film Jour Fixe des Jahres statt. Urheberrecht ist der Themenschwerpunkt des Abends: Wie kann man sich sch\u00fctzen? Welche sind bew\u00e4hrte Praktiken, die im audiovisuellen Sektor anzuwenden sind? Gast des Abends ist Andrea Marco Ricci, [&hellip;]<\/p>\n","protected":false},"featured_media":3471,"template":"","class_list":["post-3474","events","type-events","status-publish","has-post-thumbnail","hentry"],"acf":[],"yoast_head":"<!-- This site is optimized with the Yoast SEO plugin v27.5 - https:\/\/yoast.com\/product\/yoast-seo-wordpress\/ -->\n<title>WS CHI C\u2019\u00c9 C\u2019\u00c9! meets IDM FILM JOUR FIXE - WAAG<\/title>\n<meta name=\"robots\" content=\"index, follow, max-snippet:-1, max-image-preview:large, max-video-preview:-1\" \/>\n<link rel=\"canonical\" href=\"https:\/\/waaghaus.eu\/de\/events\/ws-chi-ce-ce-meets-idm-film-jour-fixe\/\" \/>\n<meta property=\"og:locale\" content=\"de_DE\" \/>\n<meta property=\"og:type\" content=\"article\" \/>\n<meta property=\"og:title\" content=\"WS CHI C\u2019\u00c9 C\u2019\u00c9! meets IDM FILM JOUR FIXE - WAAG\" \/>\n<meta property=\"og:description\" content=\"In Kooperation mit der Veranstaltung CHI C\u2019\u00c9 C\u2018\u00c8! von Weigh Station und der Teilnahme der PERFAS S\u00fcdtirol findet der letzte IDM Film Jour Fixe des Jahres statt. Urheberrecht ist der Themenschwerpunkt des Abends: Wie kann man sich sch\u00fctzen? Welche sind bew\u00e4hrte Praktiken, die im audiovisuellen Sektor anzuwenden sind? Gast des Abends ist Andrea Marco Ricci, [&hellip;]\" \/>\n<meta property=\"og:url\" content=\"https:\/\/waaghaus.eu\/de\/events\/ws-chi-ce-ce-meets-idm-film-jour-fixe\/\" \/>\n<meta property=\"og:site_name\" content=\"WAAG\" \/>\n<meta property=\"article:modified_time\" content=\"2023-12-04T15:31:12+00:00\" \/>\n<meta property=\"og:image\" content=\"https:\/\/waaghaus.eu\/wp-content\/uploads\/2023\/12\/Instagram-Post-IDMFilmJourFixe.jpg\" \/>\n\t<meta property=\"og:image:width\" content=\"2250\" \/>\n\t<meta property=\"og:image:height\" content=\"2250\" \/>\n\t<meta property=\"og:image:type\" content=\"image\/jpeg\" \/>\n<meta name=\"twitter:card\" content=\"summary_large_image\" \/>\n<meta name=\"twitter:label1\" content=\"Gesch\u00e4tzte Lesezeit\" \/>\n\t<meta name=\"twitter:data1\" content=\"2\u00a0Minuten\" \/>\n<script type=\"application\/ld+json\" class=\"yoast-schema-graph\">{\"@context\":\"https:\\\/\\\/schema.org\",\"@graph\":[{\"@type\":\"WebPage\",\"@id\":\"https:\\\/\\\/waaghaus.eu\\\/de\\\/events\\\/ws-chi-ce-ce-meets-idm-film-jour-fixe\\\/\",\"url\":\"https:\\\/\\\/waaghaus.eu\\\/de\\\/events\\\/ws-chi-ce-ce-meets-idm-film-jour-fixe\\\/\",\"name\":\"WS CHI C\u2019\u00c9 C\u2019\u00c9! meets IDM FILM JOUR FIXE - WAAG\",\"isPartOf\":{\"@id\":\"https:\\\/\\\/waaghaus.eu\\\/de\\\/#website\"},\"primaryImageOfPage\":{\"@id\":\"https:\\\/\\\/waaghaus.eu\\\/de\\\/events\\\/ws-chi-ce-ce-meets-idm-film-jour-fixe\\\/#primaryimage\"},\"image\":{\"@id\":\"https:\\\/\\\/waaghaus.eu\\\/de\\\/events\\\/ws-chi-ce-ce-meets-idm-film-jour-fixe\\\/#primaryimage\"},\"thumbnailUrl\":\"https:\\\/\\\/waaghaus.eu\\\/wp-content\\\/uploads\\\/2023\\\/12\\\/Instagram-Post-IDMFilmJourFixe.jpg\",\"datePublished\":\"2023-12-04T14:58:08+00:00\",\"dateModified\":\"2023-12-04T15:31:12+00:00\",\"breadcrumb\":{\"@id\":\"https:\\\/\\\/waaghaus.eu\\\/de\\\/events\\\/ws-chi-ce-ce-meets-idm-film-jour-fixe\\\/#breadcrumb\"},\"inLanguage\":\"de\",\"potentialAction\":[{\"@type\":\"ReadAction\",\"target\":[\"https:\\\/\\\/waaghaus.eu\\\/de\\\/events\\\/ws-chi-ce-ce-meets-idm-film-jour-fixe\\\/\"]}]},{\"@type\":\"ImageObject\",\"inLanguage\":\"de\",\"@id\":\"https:\\\/\\\/waaghaus.eu\\\/de\\\/events\\\/ws-chi-ce-ce-meets-idm-film-jour-fixe\\\/#primaryimage\",\"url\":\"https:\\\/\\\/waaghaus.eu\\\/wp-content\\\/uploads\\\/2023\\\/12\\\/Instagram-Post-IDMFilmJourFixe.jpg\",\"contentUrl\":\"https:\\\/\\\/waaghaus.eu\\\/wp-content\\\/uploads\\\/2023\\\/12\\\/Instagram-Post-IDMFilmJourFixe.jpg\",\"width\":2250,\"height\":2250},{\"@type\":\"BreadcrumbList\",\"@id\":\"https:\\\/\\\/waaghaus.eu\\\/de\\\/events\\\/ws-chi-ce-ce-meets-idm-film-jour-fixe\\\/#breadcrumb\",\"itemListElement\":[{\"@type\":\"ListItem\",\"position\":1,\"name\":\"Home\",\"item\":\"https:\\\/\\\/waaghaus.eu\\\/de\\\/\"},{\"@type\":\"ListItem\",\"position\":2,\"name\":\"Events\",\"item\":\"https:\\\/\\\/waaghaus.eu\\\/de\\\/events\\\/\"},{\"@type\":\"ListItem\",\"position\":3,\"name\":\"WS CHI C\u2019\u00c9 C\u2019\u00c9! meets IDM FILM JOUR FIXE\"}]},{\"@type\":\"WebSite\",\"@id\":\"https:\\\/\\\/waaghaus.eu\\\/de\\\/#website\",\"url\":\"https:\\\/\\\/waaghaus.eu\\\/de\\\/\",\"name\":\"WAAG\",\"description\":\" a space that is alive for free spirits\",\"potentialAction\":[{\"@type\":\"SearchAction\",\"target\":{\"@type\":\"EntryPoint\",\"urlTemplate\":\"https:\\\/\\\/waaghaus.eu\\\/de\\\/?s={search_term_string}\"},\"query-input\":{\"@type\":\"PropertyValueSpecification\",\"valueRequired\":true,\"valueName\":\"search_term_string\"}}],\"inLanguage\":\"de\"}]}<\/script>\n<!-- \/ Yoast SEO plugin. -->","yoast_head_json":{"title":"WS CHI C\u2019\u00c9 C\u2019\u00c9! meets IDM FILM JOUR FIXE - WAAG","robots":{"index":"index","follow":"follow","max-snippet":"max-snippet:-1","max-image-preview":"max-image-preview:large","max-video-preview":"max-video-preview:-1"},"canonical":"https:\/\/waaghaus.eu\/de\/events\/ws-chi-ce-ce-meets-idm-film-jour-fixe\/","og_locale":"de_DE","og_type":"article","og_title":"WS CHI C\u2019\u00c9 C\u2019\u00c9! meets IDM FILM JOUR FIXE - WAAG","og_description":"In Kooperation mit der Veranstaltung CHI C\u2019\u00c9 C\u2018\u00c8! von Weigh Station und der Teilnahme der PERFAS S\u00fcdtirol findet der letzte IDM Film Jour Fixe des Jahres statt. Urheberrecht ist der Themenschwerpunkt des Abends: Wie kann man sich sch\u00fctzen? Welche sind bew\u00e4hrte Praktiken, die im audiovisuellen Sektor anzuwenden sind? Gast des Abends ist Andrea Marco Ricci, [&hellip;]","og_url":"https:\/\/waaghaus.eu\/de\/events\/ws-chi-ce-ce-meets-idm-film-jour-fixe\/","og_site_name":"WAAG","article_modified_time":"2023-12-04T15:31:12+00:00","og_image":[{"width":2250,"height":2250,"url":"https:\/\/waaghaus.eu\/wp-content\/uploads\/2023\/12\/Instagram-Post-IDMFilmJourFixe.jpg","type":"image\/jpeg"}],"twitter_card":"summary_large_image","twitter_misc":{"Gesch\u00e4tzte Lesezeit":"2\u00a0Minuten"},"schema":{"@context":"https:\/\/schema.org","@graph":[{"@type":"WebPage","@id":"https:\/\/waaghaus.eu\/de\/events\/ws-chi-ce-ce-meets-idm-film-jour-fixe\/","url":"https:\/\/waaghaus.eu\/de\/events\/ws-chi-ce-ce-meets-idm-film-jour-fixe\/","name":"WS CHI C\u2019\u00c9 C\u2019\u00c9! meets IDM FILM JOUR FIXE - WAAG","isPartOf":{"@id":"https:\/\/waaghaus.eu\/de\/#website"},"primaryImageOfPage":{"@id":"https:\/\/waaghaus.eu\/de\/events\/ws-chi-ce-ce-meets-idm-film-jour-fixe\/#primaryimage"},"image":{"@id":"https:\/\/waaghaus.eu\/de\/events\/ws-chi-ce-ce-meets-idm-film-jour-fixe\/#primaryimage"},"thumbnailUrl":"https:\/\/waaghaus.eu\/wp-content\/uploads\/2023\/12\/Instagram-Post-IDMFilmJourFixe.jpg","datePublished":"2023-12-04T14:58:08+00:00","dateModified":"2023-12-04T15:31:12+00:00","breadcrumb":{"@id":"https:\/\/waaghaus.eu\/de\/events\/ws-chi-ce-ce-meets-idm-film-jour-fixe\/#breadcrumb"},"inLanguage":"de","potentialAction":[{"@type":"ReadAction","target":["https:\/\/waaghaus.eu\/de\/events\/ws-chi-ce-ce-meets-idm-film-jour-fixe\/"]}]},{"@type":"ImageObject","inLanguage":"de","@id":"https:\/\/waaghaus.eu\/de\/events\/ws-chi-ce-ce-meets-idm-film-jour-fixe\/#primaryimage","url":"https:\/\/waaghaus.eu\/wp-content\/uploads\/2023\/12\/Instagram-Post-IDMFilmJourFixe.jpg","contentUrl":"https:\/\/waaghaus.eu\/wp-content\/uploads\/2023\/12\/Instagram-Post-IDMFilmJourFixe.jpg","width":2250,"height":2250},{"@type":"BreadcrumbList","@id":"https:\/\/waaghaus.eu\/de\/events\/ws-chi-ce-ce-meets-idm-film-jour-fixe\/#breadcrumb","itemListElement":[{"@type":"ListItem","position":1,"name":"Home","item":"https:\/\/waaghaus.eu\/de\/"},{"@type":"ListItem","position":2,"name":"Events","item":"https:\/\/waaghaus.eu\/de\/events\/"},{"@type":"ListItem","position":3,"name":"WS CHI C\u2019\u00c9 C\u2019\u00c9! meets IDM FILM JOUR FIXE"}]},{"@type":"WebSite","@id":"https:\/\/waaghaus.eu\/de\/#website","url":"https:\/\/waaghaus.eu\/de\/","name":"WAAG","description":" a space that is alive for free spirits","potentialAction":[{"@type":"SearchAction","target":{"@type":"EntryPoint","urlTemplate":"https:\/\/waaghaus.eu\/de\/?s={search_term_string}"},"query-input":{"@type":"PropertyValueSpecification","valueRequired":true,"valueName":"search_term_string"}}],"inLanguage":"de"}]}},"_links":{"self":[{"href":"https:\/\/waaghaus.eu\/de\/wp-json\/wp\/v2\/events\/3474","targetHints":{"allow":["GET"]}}],"collection":[{"href":"https:\/\/waaghaus.eu\/de\/wp-json\/wp\/v2\/events"}],"about":[{"href":"https:\/\/waaghaus.eu\/de\/wp-json\/wp\/v2\/types\/events"}],"wp:featuredmedia":[{"embeddable":true,"href":"https:\/\/waaghaus.eu\/de\/wp-json\/wp\/v2\/media\/3471"}],"wp:attachment":[{"href":"https:\/\/waaghaus.eu\/de\/wp-json\/wp\/v2\/media?parent=3474"}],"curies":[{"name":"wp","href":"https:\/\/api.w.org\/{rel}","templated":true}]}}