{"id":2260,"date":"2022-09-15T13:49:50","date_gmt":"2022-09-15T13:49:50","guid":{"rendered":"https:\/\/waaghaus.eu\/?post_type=events&#038;p=2260"},"modified":"2022-09-15T13:49:52","modified_gmt":"2022-09-15T13:49:52","slug":"euregio-kultur-donnerstag","status":"publish","type":"events","link":"https:\/\/waaghaus.eu\/de\/events\/euregio-kultur-donnerstag\/","title":{"rendered":"Euregio Kultur-Donnerstag"},"content":{"rendered":"\n<p>DIESE WOCHE VOR 100 JAHREN \u2013 DER \u201eMARSCH AUF BOZEN\u201c<br>IN ZEITGEN\u00d6SSISCHEN BERICHTEN<\/p>\n\n\n\n<p>Resident Event by Euregio \/ WAAG -1<\/p>\n","protected":false},"excerpt":{"rendered":"<p>DIESE WOCHE VOR 100 JAHREN \u2013 DER \u201eMARSCH AUF BOZEN\u201cIN ZEITGEN\u00d6SSISCHEN BERICHTEN Resident Event by Euregio \/ WAAG -1<\/p>\n","protected":false},"featured_media":2146,"template":"","class_list":["post-2260","events","type-events","status-publish","has-post-thumbnail","hentry"],"acf":[],"yoast_head":"<!-- This site is optimized with the Yoast SEO plugin v27.5 - https:\/\/yoast.com\/product\/yoast-seo-wordpress\/ -->\n<title>Euregio Kultur-Donnerstag - WAAG<\/title>\n<meta name=\"description\" content=\"Seit f\u00fcnf Jahren pr\u00e4sentiert die Euregio jede Woche einen historischen Zeitungsartikel, um geschichtliche Ereignisse aus der Europaregion Tirol-S\u00fcdtirol-Trentino in Erinnerung zu rufen (https:\/\/historegio.europaregion.info\/it\/default.asp). Dieser Euregio-Kulturdonnerstag greift dieses journalistische Projekt auf und widmet sich einem entscheidenden Ereignis unserer Geschichte, dem so genannten \u201eMarsch auf Bozen\u201c, der zum R\u00fccktritt des Bozner B\u00fcrgermeisters Julius Perathoner und des Zivilkommissars Luigi Credaro f\u00fchrte. Durch die Berichte lokaler und gesamtstaatlicher Zeitungen werden die historischen Ereignisse zum Leben erweckt - folgen Sie uns auf dieser Zeitreise! Die Veranstaltung wird in deutscher und italienischer Sprache \u2013 ohne Simultan\u00fcbersetzung \u2013 abgehalten. Lektoren: Astrid Panizza (italienische Zeitungen), Thomas Sinha (deutsche Zeitungen). Erz\u00e4hler: Walter Landi. Musikalische Umrahmung: Kleiner Chor aus Bozen\" \/>\n<meta name=\"robots\" content=\"index, follow, max-snippet:-1, max-image-preview:large, max-video-preview:-1\" \/>\n<link rel=\"canonical\" href=\"https:\/\/waaghaus.eu\/de\/events\/euregio-kultur-donnerstag\/\" \/>\n<meta property=\"og:locale\" content=\"de_DE\" \/>\n<meta property=\"og:type\" content=\"article\" \/>\n<meta property=\"og:title\" content=\"Euregio Kultur-Donnerstag - WAAG\" \/>\n<meta property=\"og:description\" content=\"Seit f\u00fcnf Jahren pr\u00e4sentiert die Euregio jede Woche einen historischen Zeitungsartikel, um geschichtliche Ereignisse aus der Europaregion Tirol-S\u00fcdtirol-Trentino in Erinnerung zu rufen (https:\/\/historegio.europaregion.info\/it\/default.asp). Dieser Euregio-Kulturdonnerstag greift dieses journalistische Projekt auf und widmet sich einem entscheidenden Ereignis unserer Geschichte, dem so genannten \u201eMarsch auf Bozen\u201c, der zum R\u00fccktritt des Bozner B\u00fcrgermeisters Julius Perathoner und des Zivilkommissars Luigi Credaro f\u00fchrte. Durch die Berichte lokaler und gesamtstaatlicher Zeitungen werden die historischen Ereignisse zum Leben erweckt - folgen Sie uns auf dieser Zeitreise! Die Veranstaltung wird in deutscher und italienischer Sprache \u2013 ohne Simultan\u00fcbersetzung \u2013 abgehalten. Lektoren: Astrid Panizza (italienische Zeitungen), Thomas Sinha (deutsche Zeitungen). Erz\u00e4hler: Walter Landi. Musikalische Umrahmung: Kleiner Chor aus Bozen\" \/>\n<meta property=\"og:url\" content=\"https:\/\/waaghaus.eu\/de\/events\/euregio-kultur-donnerstag\/\" \/>\n<meta property=\"og:site_name\" content=\"WAAG\" \/>\n<meta property=\"article:modified_time\" content=\"2022-09-15T13:49:52+00:00\" \/>\n<meta property=\"og:image\" content=\"https:\/\/waaghaus.eu\/wp-content\/uploads\/2022\/05\/0001-edited.jpg\" \/>\n\t<meta property=\"og:image:width\" content=\"2481\" \/>\n\t<meta property=\"og:image:height\" content=\"2481\" \/>\n\t<meta property=\"og:image:type\" content=\"image\/jpeg\" \/>\n<meta name=\"twitter:card\" content=\"summary_large_image\" \/>\n<meta name=\"twitter:label1\" content=\"Gesch\u00e4tzte Lesezeit\" \/>\n\t<meta name=\"twitter:data1\" content=\"1\u00a0Minute\" \/>\n<script type=\"application\/ld+json\" class=\"yoast-schema-graph\">{\"@context\":\"https:\\\/\\\/schema.org\",\"@graph\":[{\"@type\":\"WebPage\",\"@id\":\"https:\\\/\\\/waaghaus.eu\\\/de\\\/events\\\/euregio-kultur-donnerstag\\\/\",\"url\":\"https:\\\/\\\/waaghaus.eu\\\/de\\\/events\\\/euregio-kultur-donnerstag\\\/\",\"name\":\"Euregio Kultur-Donnerstag - WAAG\",\"isPartOf\":{\"@id\":\"https:\\\/\\\/waaghaus.eu\\\/de\\\/#website\"},\"primaryImageOfPage\":{\"@id\":\"https:\\\/\\\/waaghaus.eu\\\/de\\\/events\\\/euregio-kultur-donnerstag\\\/#primaryimage\"},\"image\":{\"@id\":\"https:\\\/\\\/waaghaus.eu\\\/de\\\/events\\\/euregio-kultur-donnerstag\\\/#primaryimage\"},\"thumbnailUrl\":\"https:\\\/\\\/waaghaus.eu\\\/wp-content\\\/uploads\\\/2022\\\/05\\\/0001-edited-e1673441526511.jpg\",\"datePublished\":\"2022-09-15T13:49:50+00:00\",\"dateModified\":\"2022-09-15T13:49:52+00:00\",\"description\":\"Seit f\u00fcnf Jahren pr\u00e4sentiert die Euregio jede Woche einen historischen Zeitungsartikel, um geschichtliche Ereignisse aus der Europaregion Tirol-S\u00fcdtirol-Trentino in Erinnerung zu rufen (https:\\\/\\\/historegio.europaregion.info\\\/it\\\/default.asp). Dieser Euregio-Kulturdonnerstag greift dieses journalistische Projekt auf und widmet sich einem entscheidenden Ereignis unserer Geschichte, dem so genannten \u201eMarsch auf Bozen\u201c, der zum R\u00fccktritt des Bozner B\u00fcrgermeisters Julius Perathoner und des Zivilkommissars Luigi Credaro f\u00fchrte. Durch die Berichte lokaler und gesamtstaatlicher Zeitungen werden die historischen Ereignisse zum Leben erweckt - folgen Sie uns auf dieser Zeitreise! Die Veranstaltung wird in deutscher und italienischer Sprache \u2013 ohne Simultan\u00fcbersetzung \u2013 abgehalten. Lektoren: Astrid Panizza (italienische Zeitungen), Thomas Sinha (deutsche Zeitungen). Erz\u00e4hler: Walter Landi. Musikalische Umrahmung: Kleiner Chor aus Bozen\",\"breadcrumb\":{\"@id\":\"https:\\\/\\\/waaghaus.eu\\\/de\\\/events\\\/euregio-kultur-donnerstag\\\/#breadcrumb\"},\"inLanguage\":\"de\",\"potentialAction\":[{\"@type\":\"ReadAction\",\"target\":[\"https:\\\/\\\/waaghaus.eu\\\/de\\\/events\\\/euregio-kultur-donnerstag\\\/\"]}]},{\"@type\":\"ImageObject\",\"inLanguage\":\"de\",\"@id\":\"https:\\\/\\\/waaghaus.eu\\\/de\\\/events\\\/euregio-kultur-donnerstag\\\/#primaryimage\",\"url\":\"https:\\\/\\\/waaghaus.eu\\\/wp-content\\\/uploads\\\/2022\\\/05\\\/0001-edited-e1673441526511.jpg\",\"contentUrl\":\"https:\\\/\\\/waaghaus.eu\\\/wp-content\\\/uploads\\\/2022\\\/05\\\/0001-edited-e1673441526511.jpg\",\"width\":400,\"height\":400},{\"@type\":\"BreadcrumbList\",\"@id\":\"https:\\\/\\\/waaghaus.eu\\\/de\\\/events\\\/euregio-kultur-donnerstag\\\/#breadcrumb\",\"itemListElement\":[{\"@type\":\"ListItem\",\"position\":1,\"name\":\"Home\",\"item\":\"https:\\\/\\\/waaghaus.eu\\\/de\\\/\"},{\"@type\":\"ListItem\",\"position\":2,\"name\":\"Events\",\"item\":\"https:\\\/\\\/waaghaus.eu\\\/de\\\/events\\\/\"},{\"@type\":\"ListItem\",\"position\":3,\"name\":\"Euregio Kultur-Donnerstag\"}]},{\"@type\":\"WebSite\",\"@id\":\"https:\\\/\\\/waaghaus.eu\\\/de\\\/#website\",\"url\":\"https:\\\/\\\/waaghaus.eu\\\/de\\\/\",\"name\":\"WAAG\",\"description\":\" a space that is alive for free spirits\",\"potentialAction\":[{\"@type\":\"SearchAction\",\"target\":{\"@type\":\"EntryPoint\",\"urlTemplate\":\"https:\\\/\\\/waaghaus.eu\\\/de\\\/?s={search_term_string}\"},\"query-input\":{\"@type\":\"PropertyValueSpecification\",\"valueRequired\":true,\"valueName\":\"search_term_string\"}}],\"inLanguage\":\"de\"}]}<\/script>\n<!-- \/ Yoast SEO plugin. -->","yoast_head_json":{"title":"Euregio Kultur-Donnerstag - WAAG","description":"Seit f\u00fcnf Jahren pr\u00e4sentiert die Euregio jede Woche einen historischen Zeitungsartikel, um geschichtliche Ereignisse aus der Europaregion Tirol-S\u00fcdtirol-Trentino in Erinnerung zu rufen (https:\/\/historegio.europaregion.info\/it\/default.asp). Dieser Euregio-Kulturdonnerstag greift dieses journalistische Projekt auf und widmet sich einem entscheidenden Ereignis unserer Geschichte, dem so genannten \u201eMarsch auf Bozen\u201c, der zum R\u00fccktritt des Bozner B\u00fcrgermeisters Julius Perathoner und des Zivilkommissars Luigi Credaro f\u00fchrte. Durch die Berichte lokaler und gesamtstaatlicher Zeitungen werden die historischen Ereignisse zum Leben erweckt - folgen Sie uns auf dieser Zeitreise! Die Veranstaltung wird in deutscher und italienischer Sprache \u2013 ohne Simultan\u00fcbersetzung \u2013 abgehalten. Lektoren: Astrid Panizza (italienische Zeitungen), Thomas Sinha (deutsche Zeitungen). Erz\u00e4hler: Walter Landi. Musikalische Umrahmung: Kleiner Chor aus Bozen","robots":{"index":"index","follow":"follow","max-snippet":"max-snippet:-1","max-image-preview":"max-image-preview:large","max-video-preview":"max-video-preview:-1"},"canonical":"https:\/\/waaghaus.eu\/de\/events\/euregio-kultur-donnerstag\/","og_locale":"de_DE","og_type":"article","og_title":"Euregio Kultur-Donnerstag - WAAG","og_description":"Seit f\u00fcnf Jahren pr\u00e4sentiert die Euregio jede Woche einen historischen Zeitungsartikel, um geschichtliche Ereignisse aus der Europaregion Tirol-S\u00fcdtirol-Trentino in Erinnerung zu rufen (https:\/\/historegio.europaregion.info\/it\/default.asp). Dieser Euregio-Kulturdonnerstag greift dieses journalistische Projekt auf und widmet sich einem entscheidenden Ereignis unserer Geschichte, dem so genannten \u201eMarsch auf Bozen\u201c, der zum R\u00fccktritt des Bozner B\u00fcrgermeisters Julius Perathoner und des Zivilkommissars Luigi Credaro f\u00fchrte. Durch die Berichte lokaler und gesamtstaatlicher Zeitungen werden die historischen Ereignisse zum Leben erweckt - folgen Sie uns auf dieser Zeitreise! Die Veranstaltung wird in deutscher und italienischer Sprache \u2013 ohne Simultan\u00fcbersetzung \u2013 abgehalten. Lektoren: Astrid Panizza (italienische Zeitungen), Thomas Sinha (deutsche Zeitungen). Erz\u00e4hler: Walter Landi. Musikalische Umrahmung: Kleiner Chor aus Bozen","og_url":"https:\/\/waaghaus.eu\/de\/events\/euregio-kultur-donnerstag\/","og_site_name":"WAAG","article_modified_time":"2022-09-15T13:49:52+00:00","og_image":[{"width":2481,"height":2481,"url":"https:\/\/waaghaus.eu\/wp-content\/uploads\/2022\/05\/0001-edited.jpg","type":"image\/jpeg"}],"twitter_card":"summary_large_image","twitter_misc":{"Gesch\u00e4tzte Lesezeit":"1\u00a0Minute"},"schema":{"@context":"https:\/\/schema.org","@graph":[{"@type":"WebPage","@id":"https:\/\/waaghaus.eu\/de\/events\/euregio-kultur-donnerstag\/","url":"https:\/\/waaghaus.eu\/de\/events\/euregio-kultur-donnerstag\/","name":"Euregio Kultur-Donnerstag - WAAG","isPartOf":{"@id":"https:\/\/waaghaus.eu\/de\/#website"},"primaryImageOfPage":{"@id":"https:\/\/waaghaus.eu\/de\/events\/euregio-kultur-donnerstag\/#primaryimage"},"image":{"@id":"https:\/\/waaghaus.eu\/de\/events\/euregio-kultur-donnerstag\/#primaryimage"},"thumbnailUrl":"https:\/\/waaghaus.eu\/wp-content\/uploads\/2022\/05\/0001-edited-e1673441526511.jpg","datePublished":"2022-09-15T13:49:50+00:00","dateModified":"2022-09-15T13:49:52+00:00","description":"Seit f\u00fcnf Jahren pr\u00e4sentiert die Euregio jede Woche einen historischen Zeitungsartikel, um geschichtliche Ereignisse aus der Europaregion Tirol-S\u00fcdtirol-Trentino in Erinnerung zu rufen (https:\/\/historegio.europaregion.info\/it\/default.asp). Dieser Euregio-Kulturdonnerstag greift dieses journalistische Projekt auf und widmet sich einem entscheidenden Ereignis unserer Geschichte, dem so genannten \u201eMarsch auf Bozen\u201c, der zum R\u00fccktritt des Bozner B\u00fcrgermeisters Julius Perathoner und des Zivilkommissars Luigi Credaro f\u00fchrte. Durch die Berichte lokaler und gesamtstaatlicher Zeitungen werden die historischen Ereignisse zum Leben erweckt - folgen Sie uns auf dieser Zeitreise! Die Veranstaltung wird in deutscher und italienischer Sprache \u2013 ohne Simultan\u00fcbersetzung \u2013 abgehalten. Lektoren: Astrid Panizza (italienische Zeitungen), Thomas Sinha (deutsche Zeitungen). Erz\u00e4hler: Walter Landi. Musikalische Umrahmung: Kleiner Chor aus Bozen","breadcrumb":{"@id":"https:\/\/waaghaus.eu\/de\/events\/euregio-kultur-donnerstag\/#breadcrumb"},"inLanguage":"de","potentialAction":[{"@type":"ReadAction","target":["https:\/\/waaghaus.eu\/de\/events\/euregio-kultur-donnerstag\/"]}]},{"@type":"ImageObject","inLanguage":"de","@id":"https:\/\/waaghaus.eu\/de\/events\/euregio-kultur-donnerstag\/#primaryimage","url":"https:\/\/waaghaus.eu\/wp-content\/uploads\/2022\/05\/0001-edited-e1673441526511.jpg","contentUrl":"https:\/\/waaghaus.eu\/wp-content\/uploads\/2022\/05\/0001-edited-e1673441526511.jpg","width":400,"height":400},{"@type":"BreadcrumbList","@id":"https:\/\/waaghaus.eu\/de\/events\/euregio-kultur-donnerstag\/#breadcrumb","itemListElement":[{"@type":"ListItem","position":1,"name":"Home","item":"https:\/\/waaghaus.eu\/de\/"},{"@type":"ListItem","position":2,"name":"Events","item":"https:\/\/waaghaus.eu\/de\/events\/"},{"@type":"ListItem","position":3,"name":"Euregio Kultur-Donnerstag"}]},{"@type":"WebSite","@id":"https:\/\/waaghaus.eu\/de\/#website","url":"https:\/\/waaghaus.eu\/de\/","name":"WAAG","description":" a space that is alive for free spirits","potentialAction":[{"@type":"SearchAction","target":{"@type":"EntryPoint","urlTemplate":"https:\/\/waaghaus.eu\/de\/?s={search_term_string}"},"query-input":{"@type":"PropertyValueSpecification","valueRequired":true,"valueName":"search_term_string"}}],"inLanguage":"de"}]}},"_links":{"self":[{"href":"https:\/\/waaghaus.eu\/de\/wp-json\/wp\/v2\/events\/2260","targetHints":{"allow":["GET"]}}],"collection":[{"href":"https:\/\/waaghaus.eu\/de\/wp-json\/wp\/v2\/events"}],"about":[{"href":"https:\/\/waaghaus.eu\/de\/wp-json\/wp\/v2\/types\/events"}],"wp:featuredmedia":[{"embeddable":true,"href":"https:\/\/waaghaus.eu\/de\/wp-json\/wp\/v2\/media\/2146"}],"wp:attachment":[{"href":"https:\/\/waaghaus.eu\/de\/wp-json\/wp\/v2\/media?parent=2260"}],"curies":[{"name":"wp","href":"https:\/\/api.w.org\/{rel}","templated":true}]}}